{"id":154,"date":"2020-03-31T10:10:45","date_gmt":"2020-03-31T10:10:45","guid":{"rendered":"https:\/\/sigea.pt\/?page_id=154"},"modified":"2024-11-18T13:58:10","modified_gmt":"2024-11-18T13:58:10","slug":"matriculas","status":"publish","type":"page","link":"https:\/\/sigea.pt\/en\/matriculas\/","title":{"rendered":"Enrollment"},"content":{"rendered":"<div id=\"fws_69f487da8f608\"  data-column-margin=\"default\" data-midnight=\"light\" data-top-percent=\"25%\" data-bottom-percent=\"5%\"  class=\"wpb_row vc_row-fluid vc_row full-width-section\"  style=\"padding-top: calc(100vw * 0.25); padding-bottom: calc(100vw * 0.05); \"><div class=\"row-bg-wrap\" data-bg-animation=\"none\" data-bg-overlay=\"true\"><div class=\"inner-wrap using-image\"><div class=\"row-bg viewport-desktop using-image\"  style=\"background-image: url(https:\/\/sigea.pt\/wp-content\/uploads\/2019\/08\/cover-matriculas.jpg); background-position: center center; background-repeat: no-repeat; \"><\/div><\/div><div class=\"row-bg-overlay\" style=\"background-color:#020202;  opacity: 0.3; \"><\/div><\/div><div class=\"row_col_wrap_12 col span_12 light left\">\n\t<div  class=\"vc_col-sm-12 wpb_column column_container vc_column_container col no-extra-padding inherit_tablet inherit_phone\"  data-padding-pos=\"all\" data-has-bg-color=\"false\" data-bg-color=\"\" data-bg-opacity=\"1\" data-animation=\"\" data-delay=\"0\" >\n\t\t<div class=\"vc_column-inner\" >\n\t\t\t<div class=\"wpb_wrapper\">\n\t\t\t\t\r\n<div class=\"wpb_text_column wpb_content_element\" >\r\n\t<div class=\"wpb_wrapper\">\r\n\t\t<h1>Enrollment<\/h1>\n\t<\/div>\r\n<\/div>\r\n\r\n\r\n\r\n\n\t\t\t<\/div> \n\t\t<\/div>\n\t<\/div> \n<\/div><\/div>\r\n\t\t<div id=\"fws_69f487da8fe7a\"  data-column-margin=\"default\" data-midnight=\"dark\"  class=\"wpb_row vc_row-fluid vc_row\"  style=\"padding-top: 0px; padding-bottom: 0px; \"><div class=\"row-bg-wrap\" data-bg-animation=\"none\" data-bg-overlay=\"false\"><div class=\"inner-wrap\"><div class=\"row-bg viewport-desktop\"  style=\"\"><\/div><\/div><\/div><div class=\"row_col_wrap_12 col span_12 dark left\">\n\t<div  class=\"vc_col-sm-8 wpb_column column_container vc_column_container col padding-5-percent inherit_tablet inherit_phone\"  data-padding-pos=\"top\" data-has-bg-color=\"false\" data-bg-color=\"\" data-bg-opacity=\"1\" data-animation=\"\" data-delay=\"0\" >\n\t\t<div class=\"vc_column-inner\" >\n\t\t\t<div class=\"wpb_wrapper\">\n\t\t\t\t\r\n<div class=\"wpb_text_column wpb_content_element\" >\r\n\t<div class=\"wpb_wrapper\">\r\n\t\t<h3>INFORMA\u00c7\u00d5ES PARA O ANO LETIVO de 2024\/2025<\/h3>\n\t<\/div>\r\n<\/div>\r\n\r\n\r\n\r\n\n\t\t\t<\/div> \n\t\t<\/div>\n\t<\/div> \n\n\t<div  class=\"vc_col-sm-4 wpb_column column_container vc_column_container col no-extra-padding inherit_tablet inherit_phone\"  data-padding-pos=\"all\" data-has-bg-color=\"false\" data-bg-color=\"\" data-bg-opacity=\"1\" data-animation=\"\" data-delay=\"0\" >\n\t\t<div class=\"vc_column-inner\" >\n\t\t\t<div class=\"wpb_wrapper\">\n\t\t\t\t\n\t\t\t<\/div> \n\t\t<\/div>\n\t<\/div> \n<\/div><\/div>\r\n\t\t<div id=\"fws_69f487da901ac\"  data-column-margin=\"default\" data-midnight=\"dark\"  class=\"wpb_row vc_row-fluid vc_row\"  style=\"padding-top: 0px; padding-bottom: 0px; \"><div class=\"row-bg-wrap\" data-bg-animation=\"none\" data-bg-overlay=\"false\"><div class=\"inner-wrap\"><div class=\"row-bg viewport-desktop\"  style=\"\"><\/div><\/div><\/div><div class=\"row_col_wrap_12 col span_12 dark left\">\n\t<div  class=\"vc_col-sm-8 wpb_column column_container vc_column_container col no-extra-padding inherit_tablet inherit_phone\"  data-padding-pos=\"all\" data-has-bg-color=\"false\" data-bg-color=\"\" data-bg-opacity=\"1\" data-animation=\"\" data-delay=\"0\" >\n\t\t<div class=\"vc_column-inner\" >\n\t\t\t<div class=\"wpb_wrapper\">\n\t\t\t\t\r\n<div class=\"wpb_text_column wpb_content_element\" >\r\n\t<div class=\"wpb_wrapper\">\r\n\t\t<p><strong>ENROLLMENT CONDITIONS<\/strong><\/p>\n<ul>\n<li>It is possible to have some financial support given by the Minist\u00e9rio da Educa\u00e7\u00e3o;<\/li>\n<li>The third sibling has a 10% discount in the monthly fee;<\/li>\n<li>The students who participate in extracurricular activities do not pay for the time they spend at school after classes;<\/li>\n<li>The students who have three extracurricular activities will have a 50% discount in the third activity;<\/li>\n<li>If the monthly fee is paid all together, that is the year fee, there will be a 5% discount;<\/li>\n<li>The transport service will have a 20% discount for the second sibling;<\/li>\n<li>Second-hand uniforms (we receive the no longer used uniforms, as long as they are in good condition, so that other students can use them by paying a symbolic value that will be used for charity);<\/li>\n<li>Second-hand books (it is possible to use second-hand books from older students).<\/li>\n<\/ul>\n\t<\/div>\r\n<\/div>\r\n\r\n\r\n\r\n<div class=\"divider-wrap\" data-alignment=\"default\"><div style=\"margin-top: 37.5px; width: 500px; height: 1px; margin-bottom: 37.5px;\" data-width=\"500\" data-animate=\"yes\" data-animation-delay=\"\" data-color=\"default\" class=\"divider-small-border\"><\/div><\/div>\r\n<div class=\"wpb_text_column wpb_content_element\" >\r\n\t<div class=\"wpb_wrapper\">\r\n\t\t<p><strong>1. HOR\u00c1RIO DAS ATIVIDADES LETIVAS<\/strong><br \/>\nAs atividades letivas podem decorrer entre as 8h00 e as 17h00, sendo o hor\u00e1rio diferente para cada ciclo de ensino e definido antes do in\u00edcio do ano letivo.<\/p>\n<p><strong>2. INGL\u00caS<\/strong><br \/>\nTodos os alunos t\u00eam Ingl\u00eas desde a Pr\u00e9-Prim\u00e1ria, sendo que a partir do 2.\u00ba Ciclo existe ainda a possibilidade da frequ\u00eancia de aulas de prepara\u00e7\u00e3o para os exames de Cambridge (como atividade extracurricular).<\/p>\n<p><strong>3. INFORM\u00c1TICA<\/strong><br \/>\nTodos os alunos do 1.\u00ba ao 9.\u00ba ano t\u00eam TIC no seu curr\u00edculo.<\/p>\n<p><strong>4. E.M.R.C.<\/strong><br \/>\nA disciplina de Educa\u00e7\u00e3o Moral e Religiosa Cat\u00f3lica \u00e9 de frequ\u00eancia obrigat\u00f3ria no 2.\u00ba e 3.\u00ba ciclos, dando-se destaque \u00e0 educa\u00e7\u00e3o para os valores e respeitando-se a diversidade cultural e religiosa de todos os alunos e fam\u00edlias.<\/p>\n<p><strong>5. ATIVIDADES EXTRACURRICULARES<\/strong> <strong>(facultativas)<\/strong><br \/>\n\u2022 Artes Marciais<br \/>\n\u2022 Ballet<br \/>\n\u2022 Basquetebol<br \/>\n\u2022 Hip-Hop<br \/>\n\u2022 Ingl\u00eas \u2013 Cambridge<br \/>\n\u2022 Nata\u00e7\u00e3o<br \/>\n\u2022 Piano<br \/>\n\u2022 The Inventors<br \/>\n\u2022 Surf \/ Vela (Desporto Escolar)<br \/>\n\u2022 Viola<br \/>\nNOTA: estas atividades t\u00eam nove presta\u00e7\u00f5es, de outubro a junho. A Nata\u00e7\u00e3o tem dez presta\u00e7\u00f5es, de outubro a julho, sendo o m\u00eas de julho pago em outubro e novembro.<\/p>\n<p><strong>6. ATENDIMENTO AOS ENCARREGADOS DE EDUCA\u00c7\u00c3O<\/strong><br \/>\nOs Professores Titulares de Turma (1.\u00ba ciclo) e os Diretores de Turma (2.\u00ba e 3.\u00ba ciclos) disp\u00f5em de um hor\u00e1rio semanal de atendimento aos encarregados de educa\u00e7\u00e3o, definido no in\u00edcio do ano letivo. Al\u00e9m deste hor\u00e1rio predefinido, os encarregados de educa\u00e7\u00e3o podem, sempre que considerem necess\u00e1rio, solicitar a marca\u00e7\u00e3o de reuni\u00f5es com o Professor Titular de Turma ou o Diretor de Turma.<\/p>\n<p><strong>7. RESPONSABILIDADES DOS ENCARREGADOS DE EDUCA\u00c7\u00c3O<\/strong><br \/>\n\u2022 Conhecer o Projeto Educativo do Col\u00e9gio e colaborar na sua concretiza\u00e7\u00e3o;<br \/>\n\u2022 Cumprir o Regulamento Interno do Col\u00e9gio e incentivar o cumprimento deste por parte do(s) seu(s) educando(s);<br \/>\n\u2022 Informar a Secretaria, por escrito, quando pretender que algu\u00e9m recolha, do Col\u00e9gio, o(s) seu(s) educando(s).<\/p>\n<p><strong>8. SA\u00cdDAS<\/strong><br \/>\nOs alunos n\u00e3o podem sair do Col\u00e9gio nos intervalos das aulas.<\/p>\n<p><strong>9. CONDI\u00c7\u00d5ES DE FREQU\u00caNCIA E PAGAMENTO<\/strong><br \/>\nPela frequ\u00eancia do Col\u00e9gio durante um ano escolar, \u00e9 devido o pagamento de uma anuidade no valor estabelecido no pre\u00e7\u00e1rio para cada n\u00edvel de ensino.<br \/>\nO valor da anuidade pode ser pago de uma s\u00f3 vez ou em presta\u00e7\u00f5es mensais, vencendo-se no dia 8 de cada m\u00eas, sendo que os pagamentos efetuados ap\u00f3s esta data sofrer\u00e3o as penaliza\u00e7\u00f5es previstas no Regulamento Interno.<br \/>\nAs anuidades letivas (mensalidades) s\u00e3o divididas em dez presta\u00e7\u00f5es iguais, de setembro a junho, \u00e0 exce\u00e7\u00e3o do Pr\u00e9-Escolar, cuja anuidade \u00e9 dividida em onze presta\u00e7\u00f5es, de setembro a julho, sendo a \u00faltima distribu\u00edda nos tr\u00eas primeiros meses do ano letivo. Aos alunos do Pr\u00e9-Escolar que optarem pelos Tempos Livres (m\u00eas de julho) ser\u00e1 aplicada uma presta\u00e7\u00e3o suplementar.<br \/>\nCaso, ap\u00f3s a matr\u00edcula\/renova\u00e7\u00e3o da matr\u00edcula, as autoridades p\u00fablicas imponham per\u00edodos de suspens\u00e3o das atividades presenciais, diminui\u00e7\u00e3o do curr\u00edculo ou outras que alterem o tempo ou modo como o Col\u00e9gio presta o servi\u00e7o educativo, este facto n\u00e3o confere ao encarregado de educa\u00e7\u00e3o direito a pedir uma redu\u00e7\u00e3o da anuidade.<\/p>\n<p><strong>10. SERVI\u00c7OS DE ALIMENTA\u00c7\u00c3O E TRANSPORTE<\/strong><br \/>\nTendo em conta a anuidade, o pagamento destes servi\u00e7os ser\u00e1 feito mensalmente, de setembro a junho, e tamb\u00e9m em julho para os alunos do Pr\u00e9-Escolar.<\/p>\n<p><strong>11. ALTERA\u00c7\u00c3O OU CANCELAMENTO DE SERVI\u00c7OS<\/strong><br \/>\nA altera\u00e7\u00e3o ou o cancelamento de um servi\u00e7o s\u00f3 ser\u00e1 considerado mediante aviso, por escrito, feito na Secretaria 15 dias antes do in\u00edcio do m\u00eas seguinte.<\/p>\n<p><strong>12. PROLONGAMENTO<\/strong><br \/>\nTrinta minutos ap\u00f3s o t\u00e9rmino das atividades letivas ou extracurriculares, cobrar-se-\u00e1 prolongamento.<\/p>\n<p><strong>13. SEGURO ESCOLAR<\/strong><br \/>\nO seguro escolar \u00e9 cobrado no in\u00edcio do ano letivo, com verba a fixar anualmente.<\/p>\n<p><strong>14. MATR\u00cdCULA<\/strong><br \/>\nEm caso de desist\u00eancia da matr\u00edcula, n\u00e3o haver\u00e1 direito a qualquer reembolso.<\/p>\n<p><strong>15. DISCIPLINA<\/strong><br \/>\nOs atos de indisciplina ou outros que lesem terceiros, nas instala\u00e7\u00f5es do Col\u00e9gio, ser\u00e3o sancionados de acordo com a legisla\u00e7\u00e3o em vigor e com o Regulamento Interno.<br \/>\nOs alunos s\u00e3o materialmente respons\u00e1veis pelos danos que causarem.<\/p>\n\t<\/div>\r\n<\/div>\r\n\r\n\r\n\r\n<div class=\"divider-wrap\" data-alignment=\"default\"><div style=\"height: 75px;\" class=\"divider\"><\/div><\/div><div id=\"fws_69f487da90963\" data-midnight=\"\" data-column-margin=\"default\" class=\"wpb_row vc_row-fluid vc_row inner_row\"  style=\"\"><div class=\"row-bg-wrap\"> <div class=\"row-bg\" ><\/div> <\/div><div class=\"row_col_wrap_12_inner col span_12  left\">\n\t<div  class=\"vc_col-sm-12 wpb_column column_container vc_column_container col child_column no-extra-padding inherit_tablet inherit_phone\"   data-padding-pos=\"all\" data-has-bg-color=\"false\" data-bg-color=\"\" data-bg-opacity=\"1\" data-animation=\"\" data-delay=\"0\" >\n\t\t<div class=\"vc_column-inner\" >\n\t\t<div class=\"wpb_wrapper\">\n\t\t\t<a class=\"nectar-button jumbo regular accent-color has-icon  regular-button\"  style=\"margin-right: 10px; \" target=\"_blank\" href=\"https:\/\/sigea.pt\/wp-content\/uploads\/2024\/11\/Ficha_Candidatura_PT.pdf\" data-color-override=\"false\" data-hover-color-override=\"false\" data-hover-text-color-override=\"#fff\"><span>Ficha de Candidatura<\/span><i  class=\"fa fa-file-pdf-o\"><\/i><\/a><a class=\"nectar-button jumbo regular accent-color has-icon  regular-button\"  style=\"\" target=\"_blank\" href=\"https:\/\/sigea.pt\/wp-content\/uploads\/2024\/11\/Ficha_Candidatura_EN.pdf\" data-color-override=\"false\" data-hover-color-override=\"false\" data-hover-text-color-override=\"#fff\"><span>Application Form<\/span><i  class=\"fa fa-file-pdf-o\"><\/i><\/a>\r\n<div class=\"wpb_text_column wpb_content_element\" >\r\n\t<div class=\"wpb_wrapper\">\r\n\t\t<p>e envie para\u00a0<a class=\"c-link\" href=\"mailto:secretaria@colegiosigea.pt\" target=\"_blank\" rel=\"noopener noreferrer\" data-stringify-link=\"mailto:secretaria@colegiosigea.pt\" data-sk=\"tooltip_parent\">secretaria@colegiosigea.pt<\/a>.<\/p>\n\t<\/div>\r\n<\/div>\r\n\r\n\r\n\r\n\n\t\t<\/div> \n\t<\/div>\n\t<\/div> \n<\/div><\/div>\n\t\t\t<\/div> \n\t\t<\/div>\n\t<\/div> \n\n\t<div  class=\"vc_col-sm-4 wpb_column column_container vc_column_container col no-extra-padding inherit_tablet inherit_phone\"  data-padding-pos=\"all\" data-has-bg-color=\"false\" data-bg-color=\"\" data-bg-opacity=\"1\" data-animation=\"\" data-delay=\"0\" >\n\t\t<div class=\"vc_column-inner\" >\n\t\t\t<div class=\"wpb_wrapper\">\n\t\t\t\t\n\t\t\t<\/div> \n\t\t<\/div>\n\t<\/div> \n<\/div><\/div>\r\n\t\t<div id=\"fws_69f487da913ac\"  data-column-margin=\"default\" data-midnight=\"dark\" data-top-percent=\"2%\" data-bottom-percent=\"2%\"  class=\"wpb_row vc_row-fluid vc_row calltoaction\"  style=\"padding-top: calc(100vw * 0.02); padding-bottom: calc(100vw * 0.02); \"><div class=\"row-bg-wrap\" data-bg-animation=\"none\" data-bg-overlay=\"false\"><div class=\"inner-wrap\"><div class=\"row-bg viewport-desktop\"  style=\"\"><\/div><\/div><\/div><div class=\"row_col_wrap_12 col span_12 dark center\">\n\t<div  class=\"vc_col-sm-12 wpb_column column_container vc_column_container col no-extra-padding inherit_tablet inherit_phone\"  data-padding-pos=\"all\" data-has-bg-color=\"false\" data-bg-color=\"\" data-bg-opacity=\"1\" data-animation=\"\" data-delay=\"0\" >\n\t\t<div class=\"vc_column-inner\" >\n\t\t\t<div class=\"wpb_wrapper\">\n\t\t\t\t\r\n<div class=\"wpb_text_column wpb_content_element\" >\r\n\t<div class=\"wpb_wrapper\">\r\n\t\t<h2>We are ready to answer your questions<\/h2>\n\t<\/div>\r\n<\/div>\r\n\r\n\r\n\r\n<div class=\"divider-wrap\" data-alignment=\"default\"><div style=\"height: 50px;\" class=\"divider\"><\/div><\/div><div class=\"nectar-cta  alignment_tablet_default alignment_phone_default display_tablet_inherit display_phone_inherit\" data-color=\"default\" data-using-bg=\"false\" data-display=\"block\" data-style=\"underline\" data-alignment=\"center\" data-text-color=\"custom\" ><h5 style=\"color: #333333;\"> <span class=\"text\"> <\/span><span class=\"link_wrap\" ><a  class=\"link_text\" style=\"border-color: #333333;\" href=\"\/en\/contactos\/\">Contact Us<\/a><\/span><\/h5><\/div>\n\t\t\t<\/div> \n\t\t<\/div>\n\t<\/div> \n<\/div><\/div>","protected":false},"excerpt":{"rendered":"Matr\u00edculas INFORMA\u00c7\u00d5ES PARA O ANO LETIVO de 2024\/2025 CONDI\u00c7\u00d5ES DE MATR\u00cdCULA: Possibilidade de apoio financeiro por parte do Minist\u00e9rio da Educa\u00e7\u00e3o (contratos simples e contratos de desenvolvimento); O terceiro irm\u00e3o...","protected":false},"author":1,"featured_media":0,"parent":0,"menu_order":0,"comment_status":"closed","ping_status":"closed","template":"","meta":{"_acf_changed":false,"advgb_blocks_editor_width":"","advgb_blocks_columns_visual_guide":"","_joinchat":[],"footnotes":"","_links_to":"","_links_to_target":""},"class_list":["post-154","page","type-page","status-publish"],"acf":[],"yoast_head":"<!-- This site is optimized with the Yoast SEO plugin v26.2 - https:\/\/yoast.com\/wordpress\/plugins\/seo\/ -->\n<title>Col\u00e9gio SIGEA - Matr\u00edculas<\/title>\n<meta name=\"description\" content=\"Somos uma Fam\u00edlia h\u00e1 muito dedicada ao Ensino, que soube rodear-se de uma equipa competente e voluntariosa, cuja atua\u00e7\u00e3o di\u00e1ria est\u00e1 em linha com os valores defendidos pelo Col\u00e9gio.\" \/>\n<meta name=\"robots\" content=\"index, follow, max-snippet:-1, max-image-preview:large, max-video-preview:-1\" \/>\n<link rel=\"canonical\" href=\"https:\/\/sigea.pt\/en\/matriculas\/\" \/>\n<meta property=\"og:locale\" content=\"en_GB\" \/>\n<meta property=\"og:type\" content=\"article\" \/>\n<meta property=\"og:title\" content=\"Col\u00e9gio SIGEA - Matr\u00edculas\" \/>\n<meta property=\"og:description\" content=\"Somos uma Fam\u00edlia h\u00e1 muito dedicada ao Ensino, que soube rodear-se de uma equipa competente e voluntariosa, cuja atua\u00e7\u00e3o di\u00e1ria est\u00e1 em linha com os valores defendidos pelo Col\u00e9gio.\" \/>\n<meta property=\"og:url\" content=\"https:\/\/sigea.pt\/en\/matriculas\/\" \/>\n<meta property=\"og:site_name\" content=\"Col\u00e9gio SIGEA\" \/>\n<meta property=\"article:publisher\" content=\"https:\/\/www.facebook.com\/clsigea\" \/>\n<meta property=\"article:modified_time\" content=\"2024-11-18T13:58:10+00:00\" \/>\n<meta name=\"twitter:card\" content=\"summary_large_image\" \/>\n<meta name=\"twitter:label1\" content=\"Estimated reading time\" \/>\n\t<meta name=\"twitter:data1\" content=\"6 minutes\" \/>\n<script type=\"application\/ld+json\" class=\"yoast-schema-graph\">{\"@context\":\"https:\/\/schema.org\",\"@graph\":[{\"@type\":\"WebPage\",\"@id\":\"https:\/\/sigea.pt\/en\/matriculas\/\",\"url\":\"https:\/\/sigea.pt\/en\/matriculas\/\",\"name\":\"Col\u00e9gio SIGEA - Matr\u00edculas\",\"isPartOf\":{\"@id\":\"https:\/\/sigea.pt\/#website\"},\"datePublished\":\"2020-03-31T10:10:45+00:00\",\"dateModified\":\"2024-11-18T13:58:10+00:00\",\"description\":\"Somos uma Fam\u00edlia h\u00e1 muito dedicada ao Ensino, que soube rodear-se de uma equipa competente e voluntariosa, cuja atua\u00e7\u00e3o di\u00e1ria est\u00e1 em linha com os valores defendidos pelo Col\u00e9gio.\",\"breadcrumb\":{\"@id\":\"https:\/\/sigea.pt\/en\/matriculas\/#breadcrumb\"},\"inLanguage\":\"en-GB\",\"potentialAction\":[{\"@type\":\"ReadAction\",\"target\":[\"https:\/\/sigea.pt\/en\/matriculas\/\"]}]},{\"@type\":\"BreadcrumbList\",\"@id\":\"https:\/\/sigea.pt\/en\/matriculas\/#breadcrumb\",\"itemListElement\":[{\"@type\":\"ListItem\",\"position\":1,\"name\":\"In\u00edcio\",\"item\":\"https:\/\/sigea.pt\/\"},{\"@type\":\"ListItem\",\"position\":2,\"name\":\"Matr\u00edculas\"}]},{\"@type\":\"WebSite\",\"@id\":\"https:\/\/sigea.pt\/#website\",\"url\":\"https:\/\/sigea.pt\/\",\"name\":\"Col\u00e9gio SIGEA\",\"description\":\"Educar o Futuro\",\"publisher\":{\"@id\":\"https:\/\/sigea.pt\/#organization\"},\"potentialAction\":[{\"@type\":\"SearchAction\",\"target\":{\"@type\":\"EntryPoint\",\"urlTemplate\":\"https:\/\/sigea.pt\/?s={search_term_string}\"},\"query-input\":{\"@type\":\"PropertyValueSpecification\",\"valueRequired\":true,\"valueName\":\"search_term_string\"}}],\"inLanguage\":\"en-GB\"},{\"@type\":\"Organization\",\"@id\":\"https:\/\/sigea.pt\/#organization\",\"name\":\"Col\u00e9gio Sigea\",\"url\":\"https:\/\/sigea.pt\/\",\"logo\":{\"@type\":\"ImageObject\",\"inLanguage\":\"en-GB\",\"@id\":\"https:\/\/sigea.pt\/#\/schema\/logo\/image\/\",\"url\":\"https:\/\/sigea.pt\/wp-content\/uploads\/2019\/04\/logo-blue.png\",\"contentUrl\":\"https:\/\/sigea.pt\/wp-content\/uploads\/2019\/04\/logo-blue.png\",\"width\":150,\"height\":150,\"caption\":\"Col\u00e9gio Sigea\"},\"image\":{\"@id\":\"https:\/\/sigea.pt\/#\/schema\/logo\/image\/\"},\"sameAs\":[\"https:\/\/www.facebook.com\/clsigea\"]}]}<\/script>\n<!-- \/ Yoast SEO plugin. -->","yoast_head_json":{"title":"Col\u00e9gio SIGEA - Matr\u00edculas","description":"We are a family that has been committed to teaching for a long time and therefore were able to choose a very competent and dedicated school staff, whose daily action is always according to the school values.","robots":{"index":"index","follow":"follow","max-snippet":"max-snippet:-1","max-image-preview":"max-image-preview:large","max-video-preview":"max-video-preview:-1"},"canonical":"https:\/\/sigea.pt\/en\/matriculas\/","og_locale":"en_GB","og_type":"article","og_title":"Col\u00e9gio SIGEA - Matr\u00edculas","og_description":"Somos uma Fam\u00edlia h\u00e1 muito dedicada ao Ensino, que soube rodear-se de uma equipa competente e voluntariosa, cuja atua\u00e7\u00e3o di\u00e1ria est\u00e1 em linha com os valores defendidos pelo Col\u00e9gio.","og_url":"https:\/\/sigea.pt\/en\/matriculas\/","og_site_name":"Col\u00e9gio SIGEA","article_publisher":"https:\/\/www.facebook.com\/clsigea","article_modified_time":"2024-11-18T13:58:10+00:00","twitter_card":"summary_large_image","twitter_misc":{"Estimated reading time":"6 minutes"},"schema":{"@context":"https:\/\/schema.org","@graph":[{"@type":"WebPage","@id":"https:\/\/sigea.pt\/en\/matriculas\/","url":"https:\/\/sigea.pt\/en\/matriculas\/","name":"Col\u00e9gio SIGEA - Matr\u00edculas","isPartOf":{"@id":"https:\/\/sigea.pt\/#website"},"datePublished":"2020-03-31T10:10:45+00:00","dateModified":"2024-11-18T13:58:10+00:00","description":"We are a family that has been committed to teaching for a long time and therefore were able to choose a very competent and dedicated school staff, whose daily action is always according to the school values.","breadcrumb":{"@id":"https:\/\/sigea.pt\/en\/matriculas\/#breadcrumb"},"inLanguage":"en-GB","potentialAction":[{"@type":"ReadAction","target":["https:\/\/sigea.pt\/en\/matriculas\/"]}]},{"@type":"BreadcrumbList","@id":"https:\/\/sigea.pt\/en\/matriculas\/#breadcrumb","itemListElement":[{"@type":"ListItem","position":1,"name":"In\u00edcio","item":"https:\/\/sigea.pt\/"},{"@type":"ListItem","position":2,"name":"Matr\u00edculas"}]},{"@type":"WebSite","@id":"https:\/\/sigea.pt\/#website","url":"https:\/\/sigea.pt\/","name":"Our School","description":"Educating the Future","publisher":{"@id":"https:\/\/sigea.pt\/#organization"},"potentialAction":[{"@type":"SearchAction","target":{"@type":"EntryPoint","urlTemplate":"https:\/\/sigea.pt\/?s={search_term_string}"},"query-input":{"@type":"PropertyValueSpecification","valueRequired":true,"valueName":"search_term_string"}}],"inLanguage":"en-GB"},{"@type":"Organization","@id":"https:\/\/sigea.pt\/#organization","name":"Col\u00e9gio Sigea","url":"https:\/\/sigea.pt\/","logo":{"@type":"ImageObject","inLanguage":"en-GB","@id":"https:\/\/sigea.pt\/#\/schema\/logo\/image\/","url":"https:\/\/sigea.pt\/wp-content\/uploads\/2019\/04\/logo-blue.png","contentUrl":"https:\/\/sigea.pt\/wp-content\/uploads\/2019\/04\/logo-blue.png","width":150,"height":150,"caption":"Col\u00e9gio Sigea"},"image":{"@id":"https:\/\/sigea.pt\/#\/schema\/logo\/image\/"},"sameAs":["https:\/\/www.facebook.com\/clsigea"]}]}},"coauthors":[],"author_meta":{"author_link":"https:\/\/sigea.pt\/en\/author\/bastudio\/","display_name":"bastudio"},"relative_dates":{"created":"Posted 6 years ago","modified":"Updated 1 year ago"},"absolute_dates":{"created":"Posted on 31\/03\/2020","modified":"Updated on 18\/11\/2024"},"absolute_dates_time":{"created":"Posted on 31\/03\/2020 10:10","modified":"Updated on 18\/11\/2024 13:58"},"featured_img_caption":"","featured_img":false,"series_order":"","_links":{"self":[{"href":"https:\/\/sigea.pt\/en\/wp-json\/wp\/v2\/pages\/154","targetHints":{"allow":["GET"]}}],"collection":[{"href":"https:\/\/sigea.pt\/en\/wp-json\/wp\/v2\/pages"}],"about":[{"href":"https:\/\/sigea.pt\/en\/wp-json\/wp\/v2\/types\/page"}],"author":[{"embeddable":true,"href":"https:\/\/sigea.pt\/en\/wp-json\/wp\/v2\/users\/1"}],"replies":[{"embeddable":true,"href":"https:\/\/sigea.pt\/en\/wp-json\/wp\/v2\/comments?post=154"}],"version-history":[{"count":0,"href":"https:\/\/sigea.pt\/en\/wp-json\/wp\/v2\/pages\/154\/revisions"}],"wp:attachment":[{"href":"https:\/\/sigea.pt\/en\/wp-json\/wp\/v2\/media?parent=154"}],"curies":[{"name":"wp","href":"https:\/\/api.w.org\/{rel}","templated":true}]}}